{"id":631,"date":"2016-09-29T12:47:34","date_gmt":"2016-09-29T10:47:34","guid":{"rendered":"http:\/\/www.creative-dive.de\/themes\/small-business\/?page_id=631"},"modified":"2025-10-21T13:42:41","modified_gmt":"2025-10-21T11:42:41","slug":"imprint","status":"publish","type":"page","link":"https:\/\/www.steinecker.at\/fashion\/imprint\/","title":{"rendered":"Impressum"},"content":{"rendered":"<h2>Steinecker Moden GMBH<\/h2>\n<p>Randegg 34<br \/>3263 Randegg<br \/>T +43 7487 5000<br \/>F +43 7487 5000 19<br \/>E office(a)steinecker.at<\/p>\n<p>UID: ATU20147605<\/p>\n<p>Firmenbuchnummer: 103246h<br \/>Firmenbuchgericht: Scheibbs<\/p>\n<p>Gesch\u00e4ftsf\u00fchrung: Steinecker Gottfried<\/p>\n<p><a href=\"https:\/\/firmen.wko.at\/Web\/DetailsKontakt.aspx?FirmaID=1dacd597-8a4c-42fa-9c07-cbf966b93013\" target=\"_blank\" rel=\"noopener noreferrer\">Informationspflicht lt. ECG und Mediengesetz (WKO.at)<\/a><\/p>\n<p><strong><br \/>Nutzungsbedingungen<\/strong><br \/>Die Inhalte dieser Web-Site sind frei nutzbar und dienen ausschlie\u00dflich der Information. Es kommen durch die Nutzung der Auswahlm\u00f6glichkeiten der Web-Site keinerlei Rechtsgesch\u00e4fte zwischen der Eigent\u00fcmerin und den Nutzern zu Stande. Die weitere Vorgangsweise zwischen Anbietern und Nutzern und der m\u00f6gliche sp\u00e4tere Abschluss von Auftr\u00e4gen zwischen Anbietern und Nutzern liegen im ausschlie\u00dflichen Ermessen der Nutzer.<\/p>\n<p><strong>Copyright \/ Haftungsausschluss<\/strong><br \/>Im Hinblick auf die technischen Eigenschaften des Internet kann keine Gew\u00e4hr f\u00fcr die Authentizit\u00e4t, Richtigkeit und Vollst\u00e4ndigkeit der im Internet zur Verf\u00fcgung gestellten Informationen \u00fcbernommen werden. Es wird auch keine Gew\u00e4hr f\u00fcr die Verf\u00fcgbarkeit oder den Betrieb der gegenst\u00e4ndlichen Homepage und ihrer Inhalte \u00fcbernommen.<\/p>\n<p>Jede Haftung f\u00fcr unmittelbare, mittelbare oder sonstige Sch\u00e4den, unabh\u00e4ngig von deren Ursachen, die aus der Benutzung oder Nichtverf\u00fcgbarkeit der Daten und Informationen dieser Homepage erwachsen, wird, soweit rechtlich zul\u00e4ssig, ausgeschlossen.<\/p>\n<p>Der Inhalt dieser Homepage ist urheberrechtlich gesch\u00fctzt. Die Informationen sind nur f\u00fcr die pers\u00f6nliche Verwendung bestimmt. Jede weitergehende Nutzung insbesondere die Speicherung in Datenbanken, Vervielf\u00e4ltigung und jede Form von gewerblicher Nutzung sowie die Weitergabe an Dritte &#8211; auch in Teilen oder in \u00fcberarbeiteter Form &#8211; ohne Zustimmung des Website-Inhabers ist untersagt.<\/p>\n<p>Alle innerhalb der Internetseite genannten und ggf. durch Dritte gesch\u00fctzten Marken- und Warenzeichen unterliegen uneingeschr\u00e4nkt den Bestimmungen des jeweils g\u00fcltigen Kennzeichenrechts und den Besitzrechten der jeweiligen eingetragenen Eigent\u00fcmer. Allein aufgrund der blo\u00dfen Nennung ist nicht der Schluss zu ziehen, dass Markenzeichen nicht durch Rechte Dritter gesch\u00fctzt sind!<\/p>\n<p>Hyperlinks auf diese Seite sind willkommen. Jede Einbindung einzelner Seiten unseres Angebotes in fremde Frames ist zu unterlassen, ebenso das zur Verf\u00fcgung stellen unseres RSS-Feeds auf fremden Seiten.<\/p>\n<p><strong>Datenschutz<\/strong><br \/>Soweit auf unseren Seiten personenbezogene Daten (beispielsweise Name, Anschrift oder eMail-Adressen) erhoben werden, erfolgt dies soweit m\u00f6glich stets auf freiwilliger Basis. Die Nutzung der Angebote und Dienste ist, soweit m\u00f6glich, stets ohne Angabe personenbezogener Daten m\u00f6glich.<\/p>\n<p>Der Nutzung von im Rahmen der Impressumspflicht ver\u00f6ffentlichten Kontaktdaten durch Dritte zur \u00dcbersendung von nicht ausdr\u00fccklich angeforderter Werbung und Informationsmaterialien wird hiermit ausdr\u00fccklich widersprochen. Die Betreiber der Seiten behalten sich ausdr\u00fccklich rechtliche Schritte im Falle der unverlangten Zusendung von Werbeinformationen, etwa durch Spam-Mails, vor.<\/p>\n<p><strong>Haftung f\u00fcr Links<\/strong><br \/>Diese Website enth\u00e4lt Links zu externen Webseiten Dritter, auf deren Inhalte wir keinen Einfluss haben. Deshalb k\u00f6nnen wir f\u00fcr diese fremden Inhalte auch keine Gew\u00e4hr \u00fcbernehmen. F\u00fcr die Inhalte der verlinkten Seiten ist stets der jeweilige Anbieter oder Betreiber der Seiten verantwortlich. Die verlinkten Seiten wurden zum Zeitpunkt der Verlinkung auf m\u00f6gliche Rechtsverst\u00f6\u00dfe \u00fcberpr\u00fcft. Rechtswidrige Inhalte waren zum Zeitpunkt der Verlinkung nicht erkennbar. Eine permanente inhaltliche Kontrolle der verlinkten Seiten ist jedoch ohne konkrete Anhaltspunkte einer Rechtsverletzung nicht zumutbar. Bei bekannt werden von Rechtsverletzungen werden wir derartige Links umgehend entfernen.<\/p>\n<p><strong>Datenverarbeitung auf dieser Internetseite<\/strong><br \/>Diese Website benutzt Google Analytics, einen Webanalysedienst der Google Inc. (\u201eGoogle&#8220;). Google Analytics verwendet sog. \u201eCookies&#8220;, Textdateien, die auf Ihrem Computer gespeichert werden und die eine Analyse der Benutzung der Website durch Sie erm\u00f6glichen. Die durch den Cookie erzeugten Informationen \u00fcber Ihre Benutzung dieser Website (einschlie\u00dflich Ihrer IP-Adresse) wird an einen Server von Google in den USA \u00fcbertragen und dort gespeichert. Google wird diese Informationen benutzen, um Ihre Nutzung der Website auszuwerten, um Reports \u00fcber die Websiteaktivit\u00e4ten f\u00fcr die Websitebetreiber zusammenzustellen und um weitere mit der Websitenutzung und der Internetnutzung verbundene Dienstleistungen zu erbringen. Auch wird Google diese Informationen gegebenenfalls an Dritte \u00fcbertragen, sofern dies gesetzlich vorgeschrieben oder soweit Dritte diese Daten im Auftrag von Google verarbeiten. Google wird in keinem Fall Ihre IP-Adresse mit anderen Daten von Google in Verbindung bringen. Sie k\u00f6nnen die Installation der Cookies durch eine entsprechende Einstellung Ihrer Browser Software verhindern; wir weisen Sie jedoch darauf hin, dass Sie in diesem Fall gegebenenfalls nicht s\u00e4mtliche Funktionen dieser Website in vollem Umfang\u00a0nutzen k\u00f6nnen.<\/p>\n<p>Durch die Nutzung dieser Website erkl\u00e4ren Sie sich mit der Bearbeitung der \u00fcber Sie erhobenen Daten durch Google in der zuvor beschriebenen Art und Weise und zu dem zuvor benannten Zweck einverstanden. Der Datenerhebung und -speicherung kann jederzeit mit Wirkung f\u00fcr die Zukunft widersprochenjederzeit mit Wirkung f\u00fcr die Zukunft widersprochen werden. Angesichts der Diskussion um den Einsatz von Analysetools mit vollst\u00e4ndigen IP-Adressen m\u00f6chten wir darauf hinweisen, dass diese Website Google Analytics mit der Erweiterung \u201e_anonymizeIp()&#8220; verwendet und daher IP-Adressen nur gek\u00fcrzt weiterverarbeitet werden, um eine direkte Personenbeziehbarkeit auszuschlie\u00dfen.<\/p>\n<p>Diese Webseite erhebt und speichert automatisch in ihren Server Log Files Informationen, die Ihr Browser an uns \u00fcbermittelt. Dies sind:<\/p>\n<p>+ Browsertyp\u00a0und Browserversion<br \/>+ Uhrzeit der Serveranfrage<br \/>+ verwendetes Betriebssystem<br \/>+ Hostname des zugreifenden Rechners (IP Adresse)<br \/>+ Referrer URL (die\u00a0Seite, die zuvor besucht wurde)<\/p>\n<p>Diese Daten sind f\u00fcr nicht bestimmten Personen zuordenbar. Eine Zusammenf\u00fchrung dieser Daten mit anderen Datenquellen wird nicht vorgenommen, die Daten werden zudem nach einer statistischen Auswertung gel\u00f6scht.<\/p>\n<p><strong>Website:<\/strong><br \/>Konzept, Gestaltung, Realisierung<br \/>Steinecker Moden GMBH<\/p>\n<h2>\u00a0<\/h2>\n","protected":false},"excerpt":{"rendered":"<p>Steinecker Moden GMBH Randegg 343263 RandeggT +43 7487 5000F +43 7487 5000 19E office(a)steinecker.at UID: ATU20147605 Firmenbuchnummer: 103246hFirmenbuchgericht: Scheibbs Gesch\u00e4ftsf\u00fchrung: Steinecker Gottfried Informationspflicht lt. ECG und Mediengesetz (WKO.at) NutzungsbedingungenDie Inhalte dieser Web-Site sind frei nutzbar und dienen ausschlie\u00dflich der Information. Es kommen durch die Nutzung der Auswahlm\u00f6glichkeiten der Web-Site keinerlei Rechtsgesch\u00e4fte zwischen der Eigent\u00fcmerin und [&#8230;]\n","protected":false},"author":1,"featured_media":0,"parent":0,"menu_order":0,"comment_status":"closed","ping_status":"closed","template":"","meta":{"footnotes":""},"class_list":["post-631","page","type-page","status-publish","hentry"],"yoast_head":"<!-- This site is optimized with the Yoast SEO plugin v27.3 - https:\/\/yoast.com\/product\/yoast-seo-wordpress\/ -->\n<title>Impressum - Steinecker Fashion - Markenmode - Abendmode<\/title>\n<meta name=\"description\" content=\"Markenmode f\u00fcr Damen und Herren.\" \/>\n<meta name=\"robots\" content=\"index, follow, max-snippet:-1, max-image-preview:large, max-video-preview:-1\" \/>\n<link rel=\"canonical\" href=\"https:\/\/www.steinecker.at\/fashion\/imprint\/\" \/>\n<meta property=\"og:locale\" content=\"de_DE\" \/>\n<meta property=\"og:type\" content=\"article\" \/>\n<meta property=\"og:title\" content=\"Impressum - Steinecker Fashion - Markenmode - Abendmode\" \/>\n<meta property=\"og:description\" content=\"Markenmode f\u00fcr Damen und Herren.\" \/>\n<meta property=\"og:url\" content=\"https:\/\/www.steinecker.at\/fashion\/imprint\/\" \/>\n<meta property=\"og:site_name\" content=\"Steinecker Fashion - Markenmode - Abendmode\" \/>\n<meta property=\"article:publisher\" content=\"https:\/\/www.facebook.com\/steinecker.fashion\" \/>\n<meta property=\"article:modified_time\" content=\"2025-10-21T11:42:41+00:00\" \/>\n<meta name=\"twitter:card\" content=\"summary_large_image\" \/>\n<meta name=\"twitter:label1\" content=\"Gesch\u00e4tzte Lesezeit\" \/>\n\t<meta name=\"twitter:data1\" content=\"4\u00a0Minuten\" \/>\n<script type=\"application\/ld+json\" class=\"yoast-schema-graph\">{\"@context\":\"https:\\\/\\\/schema.org\",\"@graph\":[{\"@type\":\"WebPage\",\"@id\":\"https:\\\/\\\/www.steinecker.at\\\/fashion\\\/imprint\\\/\",\"url\":\"https:\\\/\\\/www.steinecker.at\\\/fashion\\\/imprint\\\/\",\"name\":\"Impressum - Steinecker Fashion - Markenmode - Abendmode\",\"isPartOf\":{\"@id\":\"https:\\\/\\\/www.steinecker.at\\\/fashion\\\/#website\"},\"datePublished\":\"2016-09-29T10:47:34+00:00\",\"dateModified\":\"2025-10-21T11:42:41+00:00\",\"description\":\"Markenmode f\u00fcr Damen und Herren.\",\"breadcrumb\":{\"@id\":\"https:\\\/\\\/www.steinecker.at\\\/fashion\\\/imprint\\\/#breadcrumb\"},\"inLanguage\":\"de\",\"potentialAction\":[{\"@type\":\"ReadAction\",\"target\":[\"https:\\\/\\\/www.steinecker.at\\\/fashion\\\/imprint\\\/\"]}]},{\"@type\":\"BreadcrumbList\",\"@id\":\"https:\\\/\\\/www.steinecker.at\\\/fashion\\\/imprint\\\/#breadcrumb\",\"itemListElement\":[{\"@type\":\"ListItem\",\"position\":1,\"name\":\"Startseite\",\"item\":\"https:\\\/\\\/www.steinecker.at\\\/fashion\\\/\"},{\"@type\":\"ListItem\",\"position\":2,\"name\":\"Impressum\"}]},{\"@type\":\"WebSite\",\"@id\":\"https:\\\/\\\/www.steinecker.at\\\/fashion\\\/#website\",\"url\":\"https:\\\/\\\/www.steinecker.at\\\/fashion\\\/\",\"name\":\"Steinecker Fashion - Markenmode - Abendmode\",\"description\":\"Markenmode und die sch\u00f6nsten Abendmode Trends f\u00fcr SIE und IHN\",\"potentialAction\":[{\"@type\":\"SearchAction\",\"target\":{\"@type\":\"EntryPoint\",\"urlTemplate\":\"https:\\\/\\\/www.steinecker.at\\\/fashion\\\/?s={search_term_string}\"},\"query-input\":{\"@type\":\"PropertyValueSpecification\",\"valueRequired\":true,\"valueName\":\"search_term_string\"}}],\"inLanguage\":\"de\"}]}<\/script>\n<!-- \/ Yoast SEO plugin. -->","yoast_head_json":{"title":"Impressum - Steinecker Fashion - Markenmode - Abendmode","description":"Markenmode f\u00fcr Damen und Herren.","robots":{"index":"index","follow":"follow","max-snippet":"max-snippet:-1","max-image-preview":"max-image-preview:large","max-video-preview":"max-video-preview:-1"},"canonical":"https:\/\/www.steinecker.at\/fashion\/imprint\/","og_locale":"de_DE","og_type":"article","og_title":"Impressum - Steinecker Fashion - Markenmode - Abendmode","og_description":"Markenmode f\u00fcr Damen und Herren.","og_url":"https:\/\/www.steinecker.at\/fashion\/imprint\/","og_site_name":"Steinecker Fashion - Markenmode - Abendmode","article_publisher":"https:\/\/www.facebook.com\/steinecker.fashion","article_modified_time":"2025-10-21T11:42:41+00:00","twitter_card":"summary_large_image","twitter_misc":{"Gesch\u00e4tzte Lesezeit":"4\u00a0Minuten"},"schema":{"@context":"https:\/\/schema.org","@graph":[{"@type":"WebPage","@id":"https:\/\/www.steinecker.at\/fashion\/imprint\/","url":"https:\/\/www.steinecker.at\/fashion\/imprint\/","name":"Impressum - Steinecker Fashion - Markenmode - Abendmode","isPartOf":{"@id":"https:\/\/www.steinecker.at\/fashion\/#website"},"datePublished":"2016-09-29T10:47:34+00:00","dateModified":"2025-10-21T11:42:41+00:00","description":"Markenmode f\u00fcr Damen und Herren.","breadcrumb":{"@id":"https:\/\/www.steinecker.at\/fashion\/imprint\/#breadcrumb"},"inLanguage":"de","potentialAction":[{"@type":"ReadAction","target":["https:\/\/www.steinecker.at\/fashion\/imprint\/"]}]},{"@type":"BreadcrumbList","@id":"https:\/\/www.steinecker.at\/fashion\/imprint\/#breadcrumb","itemListElement":[{"@type":"ListItem","position":1,"name":"Startseite","item":"https:\/\/www.steinecker.at\/fashion\/"},{"@type":"ListItem","position":2,"name":"Impressum"}]},{"@type":"WebSite","@id":"https:\/\/www.steinecker.at\/fashion\/#website","url":"https:\/\/www.steinecker.at\/fashion\/","name":"Steinecker Fashion - Markenmode - Abendmode","description":"Markenmode und die sch\u00f6nsten Abendmode Trends f\u00fcr SIE und IHN","potentialAction":[{"@type":"SearchAction","target":{"@type":"EntryPoint","urlTemplate":"https:\/\/www.steinecker.at\/fashion\/?s={search_term_string}"},"query-input":{"@type":"PropertyValueSpecification","valueRequired":true,"valueName":"search_term_string"}}],"inLanguage":"de"}]}},"_links":{"self":[{"href":"https:\/\/www.steinecker.at\/fashion\/wp-json\/wp\/v2\/pages\/631","targetHints":{"allow":["GET"]}}],"collection":[{"href":"https:\/\/www.steinecker.at\/fashion\/wp-json\/wp\/v2\/pages"}],"about":[{"href":"https:\/\/www.steinecker.at\/fashion\/wp-json\/wp\/v2\/types\/page"}],"author":[{"embeddable":true,"href":"https:\/\/www.steinecker.at\/fashion\/wp-json\/wp\/v2\/users\/1"}],"replies":[{"embeddable":true,"href":"https:\/\/www.steinecker.at\/fashion\/wp-json\/wp\/v2\/comments?post=631"}],"version-history":[{"count":6,"href":"https:\/\/www.steinecker.at\/fashion\/wp-json\/wp\/v2\/pages\/631\/revisions"}],"predecessor-version":[{"id":9746,"href":"https:\/\/www.steinecker.at\/fashion\/wp-json\/wp\/v2\/pages\/631\/revisions\/9746"}],"wp:attachment":[{"href":"https:\/\/www.steinecker.at\/fashion\/wp-json\/wp\/v2\/media?parent=631"}],"curies":[{"name":"wp","href":"https:\/\/api.w.org\/{rel}","templated":true}]}}