{"id":6282,"date":"2023-10-23T12:15:25","date_gmt":"2023-10-23T10:15:25","guid":{"rendered":"http:\/\/www.steinecker.at\/fashion-XYZ\/?page_id=6282"},"modified":"2025-11-27T15:57:02","modified_gmt":"2025-11-27T14:57:02","slug":"filialen-steinecker-fashion","status":"publish","type":"page","link":"https:\/\/www.steinecker.at\/fashion\/filialen-steinecker-fashion\/","title":{"rendered":"Filialen Steinecker Fashion"},"content":{"rendered":"\n\t<section class=\"section\" id=\"section_78464566\">\n\t\t<div class=\"section-bg fill\" >\n\t\t\t<img decoding=\"async\" width=\"1600\" height=\"1200\" src=\"https:\/\/www.steinecker.at\/fashion\/wp-content\/uploads\/2018\/09\/CF029407_presse_be-kl.jpg\" class=\"bg attachment- size-\" alt=\"\" \/>\t\t\t\t\t\t<div class=\"section-bg-overlay absolute fill\"><\/div><div class=\"loading-spin centered\"><\/div>\n\t\t\t\n\n\t\t<\/div>\n\n\t\t\n\n\t\t<div class=\"section-content relative\">\n\t\t\t\n\n  <div class=\"banner has-hover\" id=\"banner-1677723291\">\n          <div class=\"banner-inner fill\">\n        <div class=\"banner-bg fill\" >\n            <img decoding=\"async\" width=\"1020\" height=\"765\" src=\"https:\/\/www.steinecker.at\/fashion\/wp-content\/uploads\/2018\/09\/CF029407_presse_be-kl.jpg\" class=\"bg attachment-large size-large\" alt=\"\" \/>                        <div class=\"overlay\"><\/div>            \n                    <\/div>\n\t\t\n        <div class=\"banner-layers container\">\n            <div class=\"fill banner-link\"><\/div>            \n   <div id=\"text-box-532004681\" class=\"text-box banner-layer hide-for-small x50 md-x50 lg-x50 y100 md-y100 lg-y100 res-text\">\n                                <div class=\"text-box-content text dark\">\n              \n              <div class=\"text-inner text-center\">\n                  \n<div class=\"container section-title-container\" ><h3 class=\"section-title section-title-center\"><b aria-hidden=\"true\"><\/b><span class=\"section-title-main\" >Steinecker Filialen<\/span><b aria-hidden=\"true\"><\/b><\/h3><\/div>\n              <\/div>\n           <\/div>\n                            \n<style>\n#text-box-532004681 .text-box-content {\n  background-color: rgba(0, 0, 0, 0.01);\n  font-size: 100%;\n}\n#text-box-532004681 .text-inner {\n  padding: 10px 0px 10px 0px;\n}\n#text-box-532004681 {\n  width: 100%;\n}\n<\/style>\n    <\/div>\n \n        <\/div>\n      <\/div>\n\n            \n<style>\n#banner-1677723291 {\n  padding-top: 56.25%;\n}\n#banner-1677723291 .overlay {\n  background-color: rgba(0, 0, 0, 0.17);\n}\n#banner-1677723291 .banner-bg img {\n  object-position: 51% 53%;\n}\n<\/style>\n  <\/div>\n\n\n  <div class=\"banner-grid-wrapper\">\n  <div id=\"banner-grid-1793981346\" class=\"banner-grid row row-grid hidden row-collapse\" data-packery-options=\"\">\n                      \n<div class=\"col grid-col small-12 large-6 grid-col-1\" ><div class=\"col-inner\">\n\n  <div class=\"banner has-hover\" id=\"banner-982451731\">\n          <div class=\"banner-inner fill\">\n        <div class=\"banner-bg fill\" >\n                                                \n                    <\/div>\n\t\t\n        <div class=\"banner-layers container\">\n            <div class=\"fill banner-link\"><\/div>            \n   <div id=\"text-box-1134363026\" class=\"text-box banner-layer x0 md-x0 lg-x0 y50 md-y50 lg-y50 res-text\">\n                                <div class=\"text-box-content text dark\">\n              \n              <div class=\"text-inner text-left\">\n                  \n<h1 class=\"uppercase\" style=\"text-align: left;\"><strong>FILIALEN<\/strong><\/h1>\n<p style=\"text-align: left;\"><span style=\"font-size: 160%;\">Hier findet ihr eine \u00dcbersicht unserer Fashion-Filialen.<\/span><\/p>\n\t<div id=\"gap-2025902547\" class=\"gap-element clearfix\" style=\"display:block; height:auto;\">\n\t\t\n<style>\n#gap-2025902547 {\n  padding-top: 30px;\n}\n<\/style>\n\t<\/div>\n\t\n<div class=\"is-divider divider clearfix\" style=\"max-width:40px;\"><\/div>\n              <\/div>\n           <\/div>\n                            \n<style>\n#text-box-1134363026 {\n  margin: 0px 0px 0px 10px;\n  width: 48%;\n}\n#text-box-1134363026 .text-box-content {\n  font-size: 100%;\n}\n<\/style>\n    <\/div>\n \n        <\/div>\n      <\/div>\n\n            \n<style>\n#banner-982451731 {\n  padding-top: 500px;\n  background-color: rgba(0, 0, 0, 0);\n}\n@media (min-width:550px) {\n  #banner-982451731 {\n    padding-top: 500px;\n  }\n}\n<\/style>\n  <\/div>\n\n\n<\/div><\/div>\n<div class=\"col grid-col small-12 large-3 grid-col-1-3\" ><div class=\"col-inner\">\n\n  <div class=\"banner has-hover bg-zoom\" id=\"banner-941631537\">\n          <div class=\"banner-inner fill\">\n        <div class=\"banner-bg fill\" >\n            <img decoding=\"async\" width=\"1020\" height=\"680\" src=\"https:\/\/www.steinecker.at\/fashion\/wp-content\/uploads\/2017\/02\/2019_08_Steinecker_CL-028.jpg\" class=\"bg attachment-large size-large\" alt=\"\" \/>                                    \n\t<div class=\"is-border\"\n\t\tstyle=\"border-color:rgb(102, 101, 109);border-width:0px 0px 0px 0px;margin:0px 0px 0px 0px;\">\n\t<\/div>\n                    <\/div>\n\t\t\n        <div class=\"banner-layers container\">\n            <div class=\"fill banner-link\"><\/div>            \n   <div id=\"text-box-1350680511\" class=\"text-box banner-layer hidden x50 md-x50 lg-x50 y50 md-y50 lg-y50 res-text\">\n                                <div class=\"text-box-content text dark\">\n              \n              <div class=\"text-inner text-center\">\n                  \n              <\/div>\n           <\/div>\n                            \n<style>\n#text-box-1350680511 {\n  width: 60%;\n}\n#text-box-1350680511 .text-box-content {\n  font-size: 100%;\n}\n@media (min-width:550px) {\n  #text-box-1350680511 {\n    width: 60%;\n  }\n}\n<\/style>\n    <\/div>\n \n        <\/div>\n      <\/div>\n\n            \n<style>\n#banner-941631537 {\n  padding-top: 500px;\n}\n#banner-941631537 .banner-bg img {\n  object-position: 18% 51%;\n}\n<\/style>\n  <\/div>\n\n\n<\/div><\/div>\n<div class=\"col grid-col small-12 large-3 grid-col-2-3\" ><div class=\"col-inner\">\n\n  <div class=\"banner has-hover bg-zoom\" id=\"banner-1380623182\">\n          <div class=\"banner-inner fill\">\n        <div class=\"banner-bg fill\" >\n            <img decoding=\"async\" width=\"1020\" height=\"1530\" src=\"https:\/\/www.steinecker.at\/fashion\/wp-content\/uploads\/2017\/02\/2019_08_Steinecker_CL-046.jpg\" class=\"bg attachment-large size-large\" alt=\"\" \/>                                    \n\t<div class=\"is-border\"\n\t\tstyle=\"border-color:rgb(102, 101, 109);border-width:0px 0px 0px 1px;\">\n\t<\/div>\n                    <\/div>\n\t\t\n        <div class=\"banner-layers container\">\n            <div class=\"fill banner-link\"><\/div>            \n   <div id=\"text-box-1608942986\" class=\"text-box banner-layer hidden x50 md-x50 lg-x50 y50 md-y50 lg-y50 res-text\">\n                                <div class=\"text-box-content text dark\">\n              \n              <div class=\"text-inner text-center\">\n                  \n              <\/div>\n           <\/div>\n                            \n<style>\n#text-box-1608942986 {\n  width: 60%;\n}\n#text-box-1608942986 .text-box-content {\n  font-size: 100%;\n}\n@media (min-width:550px) {\n  #text-box-1608942986 {\n    width: 60%;\n  }\n}\n<\/style>\n    <\/div>\n \n        <\/div>\n      <\/div>\n\n            \n<style>\n#banner-1380623182 {\n  padding-top: 500px;\n}\n#banner-1380623182 .banner-bg img {\n  object-position: 47% 23%;\n}\n<\/style>\n  <\/div>\n\n\n<\/div><\/div>\n<div class=\"col grid-col small-12 large-3 grid-col-2-3\" ><div class=\"col-inner\">\n\n  <div class=\"banner has-hover bg-zoom\" id=\"banner-262743830\">\n          <div class=\"banner-inner fill\">\n        <div class=\"banner-bg fill\" >\n            <img decoding=\"async\" width=\"1020\" height=\"586\" src=\"https:\/\/www.steinecker.at\/fashion\/wp-content\/uploads\/2017\/02\/krems-jeans-image.jpg\" class=\"bg attachment-large size-large\" alt=\"\" \/>                        <div class=\"overlay\"><\/div>            \n                    <\/div>\n\t\t\n        <div class=\"banner-layers container\">\n            <div class=\"fill banner-link\"><\/div>            \n   <div id=\"text-box-1384304557\" class=\"text-box banner-layer hidden x50 md-x50 lg-x50 y50 md-y50 lg-y50 res-text\">\n                                <div class=\"text-box-content text dark\">\n              \n              <div class=\"text-inner text-center\">\n                  \n              <\/div>\n           <\/div>\n                            \n<style>\n#text-box-1384304557 {\n  width: 60%;\n}\n#text-box-1384304557 .text-box-content {\n  font-size: 100%;\n}\n@media (min-width:550px) {\n  #text-box-1384304557 {\n    width: 60%;\n  }\n}\n<\/style>\n    <\/div>\n \n        <\/div>\n      <\/div>\n\n            \n<style>\n#banner-262743830 {\n  padding-top: 500px;\n}\n#banner-262743830 .overlay {\n  background-color: rgba(89, 89, 89, 0.08);\n}\n#banner-262743830 .banner-bg img {\n  object-position: 8% 43%;\n}\n<\/style>\n  <\/div>\n\n\n<\/div><\/div>\n<div class=\"col grid-col small-13 large-3 grid-col-1-3\" ><div class=\"col-inner\">\n\n  <div class=\"banner has-hover bg-zoom\" id=\"banner-2050174881\">\n          <div class=\"banner-inner fill\">\n        <div class=\"banner-bg fill\" >\n            <img decoding=\"async\" width=\"1020\" height=\"1360\" src=\"https:\/\/www.steinecker.at\/fashion\/wp-content\/uploads\/2018\/09\/kl-Steinecker_Moden_Steyr_UmdaschShopfitting_CF029369_rz.jpg\" class=\"bg attachment-large size-large\" alt=\"\" \/>                                    \n\t<div class=\"is-border\"\n\t\tstyle=\"border-color:rgb(102, 101, 109);border-width:0px 0px 0px 0px;margin:0px 0px 0 0px;\">\n\t<\/div>\n                    <\/div>\n\t\t\n        <div class=\"banner-layers container\">\n            <div class=\"fill banner-link\"><\/div>            \n   <div id=\"text-box-968708577\" class=\"text-box banner-layer hidden x50 md-x50 lg-x50 y50 md-y50 lg-y50 res-text\">\n                                <div class=\"text-box-content text dark\">\n              \n              <div class=\"text-inner text-center\">\n                  \n              <\/div>\n           <\/div>\n                            \n<style>\n#text-box-968708577 {\n  width: 60%;\n}\n#text-box-968708577 .text-box-content {\n  font-size: 100%;\n}\n@media (min-width:550px) {\n  #text-box-968708577 {\n    width: 60%;\n  }\n}\n<\/style>\n    <\/div>\n \n        <\/div>\n      <\/div>\n\n            \n<style>\n#banner-2050174881 {\n  padding-top: 500px;\n}\n#banner-2050174881 .banner-bg img {\n  object-position: 100% 67%;\n}\n<\/style>\n  <\/div>\n\n\n<\/div><\/div>\n            <\/div>\n    <style>\n    #banner-grid-1793981346 .grid-col-1{height: 700px}\n    #banner-grid-1793981346 .grid-col-1-2{height: 350px}\n    #banner-grid-1793981346 .grid-col-1-3{height:233.33333333333px}\n    #banner-grid-1793981346 .grid-col-2-3{height: 466.66666666667px}\n    #banner-grid-1793981346 .grid-col-1-4{height: 175px}\n    #banner-grid-1793981346 .grid-col-3-4{height: 525px}\n\n\n    \n    \n\n  <\/style>\n    <\/div>\n  \n\t\t<\/div>\n\n\t\t\n<style>\n#section_78464566 {\n  padding-top: 0px;\n  padding-bottom: 0px;\n}\n#section_78464566 .section-bg-overlay {\n  background-color: rgba(0, 0, 0, 0.7);\n}\n#section_78464566 .section-bg img {\n  object-position: 11% 37%;\n}\n<\/style>\n\t<\/section>\n\t\n<div class=\"text-center\"><div class=\"is-divider divider clearfix\" style=\"background-color:rgb(255, 255, 255);\"><\/div><\/div>\n<div class=\"row\"  id=\"row-206600886\">\n\n\t<div id=\"col-86726760\" class=\"col small-12 large-12\"  >\n\t\t\t\t<div class=\"col-inner\"  >\n\t\t\t\n\t\t\t\n<p style=\"text-align: center;\">Hier finden Sie eine Aufstellung unserer Filialen mit Telefonnummern, Anfahrtspl\u00e4nen und \u00d6ffnungszeiten.<\/p>\n\t\t<\/div>\n\t\t\t\t\t<\/div>\n\n\t\n<\/div>\n\n  \n    <div class=\"row large-columns-4 medium-columns-1 small-columns-1 row-small\" >\n  <div class=\"col post-item\" data-animate=\"fadeInUp\">\n\t\t\t<div class=\"col-inner\">\n\t\t\t\t<div class=\"box box-default box-text-bottom box-blog-post has-hover\">\n            \t\t\t\t\t<div class=\"box-image\" >\n  \t\t\t\t\t\t<div class=\"image-cover\" style=\"padding-top:75%;\">\n\t\t\t\t\t\t\t<a href=\"https:\/\/www.steinecker.at\/fashion\/randegg\/\" class=\"plain\" aria-label=\"Randegg\">\n\t\t\t\t\t\t\t\t<img decoding=\"async\" width=\"800\" height=\"396\" src=\"https:\/\/www.steinecker.at\/fashion\/wp-content\/uploads\/2023\/07\/steinecker-randegg-aussenansicht-haus-800x396.jpg\" class=\"attachment-medium size-medium wp-post-image\" alt=\"\" srcset=\"https:\/\/www.steinecker.at\/fashion\/wp-content\/uploads\/2023\/07\/steinecker-randegg-aussenansicht-haus-800x396.jpg 800w, https:\/\/www.steinecker.at\/fashion\/wp-content\/uploads\/2023\/07\/steinecker-randegg-aussenansicht-haus-768x380.jpg 768w, https:\/\/www.steinecker.at\/fashion\/wp-content\/uploads\/2023\/07\/steinecker-randegg-aussenansicht-haus-1536x759.jpg 1536w, https:\/\/www.steinecker.at\/fashion\/wp-content\/uploads\/2023\/07\/steinecker-randegg-aussenansicht-haus.jpg 1800w\" sizes=\"(max-width: 800px) 100vw, 800px\" \/>\t\t\t\t\t\t\t<\/a>\n  \t\t\t\t\t\t\t  \t\t\t\t\t\t\t  \t\t\t\t\t\t<\/div>\n  \t\t\t\t\t\t  \t\t\t\t\t<\/div>\n          \t\t\t\t\t<div class=\"box-text text-center\" >\n\t\t\t\t\t<div class=\"box-text-inner blog-post-inner\">\n\n\t\t\t\t\t\n\t\t\t\t\t\t\t\t\t\t<h5 class=\"post-title is-larger uppercase\">\n\t\t\t\t\t\t<a href=\"https:\/\/www.steinecker.at\/fashion\/randegg\/\" class=\"plain\">Randegg<\/a>\n\t\t\t\t\t<\/h5>\n\t\t\t\t\t\t\t\t\t\t<div class=\"is-divider\"><\/div>\n\t\t\t\t\t                    \n\t\t\t\t\t\t\t\t\t\t\t<a href=\"https:\/\/www.steinecker.at\/fashion\/randegg\/\" class=\"button primary is-outline is-large mb-0\">\n\t\t\t\t\t\t\tzur Filiale\t\t\t\t\t\t<\/a>\n\t\t\t\t\t\n\t\t\t\t\t\n\t\t\t\t\t<\/div>\n\t\t\t\t\t<\/div>\n\t\t\t\t\t\t\t\t\t<\/div>\n\t\t\t<\/div>\n\t\t<\/div><div class=\"col post-item\" data-animate=\"fadeInUp\">\n\t\t\t<div class=\"col-inner\">\n\t\t\t\t<div class=\"box box-default box-text-bottom box-blog-post has-hover\">\n            \t\t\t\t\t<div class=\"box-image\" >\n  \t\t\t\t\t\t<div class=\"image-cover\" style=\"padding-top:75%;\">\n\t\t\t\t\t\t\t<a href=\"https:\/\/www.steinecker.at\/fashion\/steyr\/\" class=\"plain\" aria-label=\"Steyr\">\n\t\t\t\t\t\t\t\t<img decoding=\"async\" width=\"800\" height=\"600\" src=\"https:\/\/www.steinecker.at\/fashion\/wp-content\/uploads\/2018\/09\/CF029407_presse_be-kl-800x600.jpg\" class=\"attachment-medium size-medium wp-post-image\" alt=\"\" srcset=\"https:\/\/www.steinecker.at\/fashion\/wp-content\/uploads\/2018\/09\/CF029407_presse_be-kl-800x600.jpg 800w, https:\/\/www.steinecker.at\/fashion\/wp-content\/uploads\/2018\/09\/CF029407_presse_be-kl-600x450.jpg 600w, https:\/\/www.steinecker.at\/fashion\/wp-content\/uploads\/2018\/09\/CF029407_presse_be-kl-768x576.jpg 768w, https:\/\/www.steinecker.at\/fashion\/wp-content\/uploads\/2018\/09\/CF029407_presse_be-kl.jpg 1600w\" sizes=\"(max-width: 800px) 100vw, 800px\" \/>\t\t\t\t\t\t\t<\/a>\n  \t\t\t\t\t\t\t  \t\t\t\t\t\t\t  \t\t\t\t\t\t<\/div>\n  \t\t\t\t\t\t  \t\t\t\t\t<\/div>\n          \t\t\t\t\t<div class=\"box-text text-center\" >\n\t\t\t\t\t<div class=\"box-text-inner blog-post-inner\">\n\n\t\t\t\t\t\n\t\t\t\t\t\t\t\t\t\t<h5 class=\"post-title is-larger uppercase\">\n\t\t\t\t\t\t<a href=\"https:\/\/www.steinecker.at\/fashion\/steyr\/\" class=\"plain\">Steyr<\/a>\n\t\t\t\t\t<\/h5>\n\t\t\t\t\t\t\t\t\t\t<div class=\"is-divider\"><\/div>\n\t\t\t\t\t                    \n\t\t\t\t\t\t\t\t\t\t\t<a href=\"https:\/\/www.steinecker.at\/fashion\/steyr\/\" class=\"button primary is-outline is-large mb-0\">\n\t\t\t\t\t\t\tzur Filiale\t\t\t\t\t\t<\/a>\n\t\t\t\t\t\n\t\t\t\t\t\n\t\t\t\t\t<\/div>\n\t\t\t\t\t<\/div>\n\t\t\t\t\t\t\t\t\t<\/div>\n\t\t\t<\/div>\n\t\t<\/div><div class=\"col post-item\" data-animate=\"fadeInUp\">\n\t\t\t<div class=\"col-inner\">\n\t\t\t\t<div class=\"box box-default box-text-bottom box-blog-post has-hover\">\n            \t\t\t\t\t<div class=\"box-image\" >\n  \t\t\t\t\t\t<div class=\"image-cover\" style=\"padding-top:75%;\">\n\t\t\t\t\t\t\t<a href=\"https:\/\/www.steinecker.at\/fashion\/amstetten\/\" class=\"plain\" aria-label=\"Amstetten\">\n\t\t\t\t\t\t\t\t<img decoding=\"async\" width=\"800\" height=\"531\" src=\"https:\/\/www.steinecker.at\/fashion\/wp-content\/uploads\/2025\/02\/steinecker-amstetten-stadt-800x531.jpg\" class=\"attachment-medium size-medium wp-post-image\" alt=\"\" srcset=\"https:\/\/www.steinecker.at\/fashion\/wp-content\/uploads\/2025\/02\/steinecker-amstetten-stadt-800x531.jpg 800w, https:\/\/www.steinecker.at\/fashion\/wp-content\/uploads\/2025\/02\/steinecker-amstetten-stadt-768x510.jpg 768w, https:\/\/www.steinecker.at\/fashion\/wp-content\/uploads\/2025\/02\/steinecker-amstetten-stadt-600x398.jpg 600w, https:\/\/www.steinecker.at\/fashion\/wp-content\/uploads\/2025\/02\/steinecker-amstetten-stadt.jpg 850w\" sizes=\"(max-width: 800px) 100vw, 800px\" \/>\t\t\t\t\t\t\t<\/a>\n  \t\t\t\t\t\t\t  \t\t\t\t\t\t\t  \t\t\t\t\t\t<\/div>\n  \t\t\t\t\t\t  \t\t\t\t\t<\/div>\n          \t\t\t\t\t<div class=\"box-text text-center\" >\n\t\t\t\t\t<div class=\"box-text-inner blog-post-inner\">\n\n\t\t\t\t\t\n\t\t\t\t\t\t\t\t\t\t<h5 class=\"post-title is-larger uppercase\">\n\t\t\t\t\t\t<a href=\"https:\/\/www.steinecker.at\/fashion\/amstetten\/\" class=\"plain\">Amstetten<\/a>\n\t\t\t\t\t<\/h5>\n\t\t\t\t\t\t\t\t\t\t<div class=\"is-divider\"><\/div>\n\t\t\t\t\t                    \n\t\t\t\t\t\t\t\t\t\t\t<a href=\"https:\/\/www.steinecker.at\/fashion\/amstetten\/\" class=\"button primary is-outline is-large mb-0\">\n\t\t\t\t\t\t\tzur Filiale\t\t\t\t\t\t<\/a>\n\t\t\t\t\t\n\t\t\t\t\t\n\t\t\t\t\t<\/div>\n\t\t\t\t\t<\/div>\n\t\t\t\t\t\t\t\t\t<\/div>\n\t\t\t<\/div>\n\t\t<\/div><div class=\"col post-item\" data-animate=\"fadeInUp\">\n\t\t\t<div class=\"col-inner\">\n\t\t\t\t<div class=\"box box-default box-text-bottom box-blog-post has-hover\">\n            \t\t\t\t\t<div class=\"box-image\" >\n  \t\t\t\t\t\t<div class=\"image-cover\" style=\"padding-top:75%;\">\n\t\t\t\t\t\t\t<a href=\"https:\/\/www.steinecker.at\/fashion\/krems\/\" class=\"plain\" aria-label=\"Krems\">\n\t\t\t\t\t\t\t\t<img decoding=\"async\" width=\"800\" height=\"498\" src=\"https:\/\/www.steinecker.at\/fashion\/wp-content\/uploads\/2023\/05\/steinecker-krems-eingang-800x498.jpg\" class=\"attachment-medium size-medium wp-post-image\" alt=\"\" srcset=\"https:\/\/www.steinecker.at\/fashion\/wp-content\/uploads\/2023\/05\/steinecker-krems-eingang-800x498.jpg 800w, https:\/\/www.steinecker.at\/fashion\/wp-content\/uploads\/2023\/05\/steinecker-krems-eingang-768x478.jpg 768w, https:\/\/www.steinecker.at\/fashion\/wp-content\/uploads\/2023\/05\/steinecker-krems-eingang.jpg 882w\" sizes=\"(max-width: 800px) 100vw, 800px\" \/>\t\t\t\t\t\t\t<\/a>\n  \t\t\t\t\t\t\t  \t\t\t\t\t\t\t  \t\t\t\t\t\t<\/div>\n  \t\t\t\t\t\t  \t\t\t\t\t<\/div>\n          \t\t\t\t\t<div class=\"box-text text-center\" >\n\t\t\t\t\t<div class=\"box-text-inner blog-post-inner\">\n\n\t\t\t\t\t\n\t\t\t\t\t\t\t\t\t\t<h5 class=\"post-title is-larger uppercase\">\n\t\t\t\t\t\t<a href=\"https:\/\/www.steinecker.at\/fashion\/krems\/\" class=\"plain\">Krems<\/a>\n\t\t\t\t\t<\/h5>\n\t\t\t\t\t\t\t\t\t\t<div class=\"is-divider\"><\/div>\n\t\t\t\t\t                    \n\t\t\t\t\t\t\t\t\t\t\t<a href=\"https:\/\/www.steinecker.at\/fashion\/krems\/\" class=\"button primary is-outline is-large mb-0\">\n\t\t\t\t\t\t\tzur Filiale\t\t\t\t\t\t<\/a>\n\t\t\t\t\t\n\t\t\t\t\t\n\t\t\t\t\t<\/div>\n\t\t\t\t\t<\/div>\n\t\t\t\t\t\t\t\t\t<\/div>\n\t\t\t<\/div>\n\t\t<\/div><div class=\"col post-item\" data-animate=\"fadeInUp\">\n\t\t\t<div class=\"col-inner\">\n\t\t\t\t<div class=\"box box-default box-text-bottom box-blog-post has-hover\">\n            \t\t\t\t\t<div class=\"box-image\" >\n  \t\t\t\t\t\t<div class=\"image-cover\" style=\"padding-top:75%;\">\n\t\t\t\t\t\t\t<a href=\"https:\/\/www.steinecker.at\/fashion\/melk\/\" class=\"plain\" aria-label=\"Melk\">\n\t\t\t\t\t\t\t\t<img decoding=\"async\" width=\"800\" height=\"370\" src=\"https:\/\/www.steinecker.at\/fashion\/wp-content\/uploads\/2025\/02\/Steinecker-Melk-800x370.jpg\" class=\"attachment-medium size-medium wp-post-image\" alt=\"\" srcset=\"https:\/\/www.steinecker.at\/fashion\/wp-content\/uploads\/2025\/02\/Steinecker-Melk-800x370.jpg 800w, https:\/\/www.steinecker.at\/fashion\/wp-content\/uploads\/2025\/02\/Steinecker-Melk-768x355.jpg 768w, https:\/\/www.steinecker.at\/fashion\/wp-content\/uploads\/2025\/02\/Steinecker-Melk-1536x710.jpg 1536w, https:\/\/www.steinecker.at\/fashion\/wp-content\/uploads\/2025\/02\/Steinecker-Melk-600x277.jpg 600w, https:\/\/www.steinecker.at\/fashion\/wp-content\/uploads\/2025\/02\/Steinecker-Melk.jpg 1920w\" sizes=\"(max-width: 800px) 100vw, 800px\" \/>\t\t\t\t\t\t\t<\/a>\n  \t\t\t\t\t\t\t  \t\t\t\t\t\t\t  \t\t\t\t\t\t<\/div>\n  \t\t\t\t\t\t  \t\t\t\t\t<\/div>\n          \t\t\t\t\t<div class=\"box-text text-center\" >\n\t\t\t\t\t<div class=\"box-text-inner blog-post-inner\">\n\n\t\t\t\t\t\n\t\t\t\t\t\t\t\t\t\t<h5 class=\"post-title is-larger uppercase\">\n\t\t\t\t\t\t<a href=\"https:\/\/www.steinecker.at\/fashion\/melk\/\" class=\"plain\">Melk<\/a>\n\t\t\t\t\t<\/h5>\n\t\t\t\t\t\t\t\t\t\t<div class=\"is-divider\"><\/div>\n\t\t\t\t\t                    \n\t\t\t\t\t\t\t\t\t\t\t<a href=\"https:\/\/www.steinecker.at\/fashion\/melk\/\" class=\"button primary is-outline is-large mb-0\">\n\t\t\t\t\t\t\tzur Filiale\t\t\t\t\t\t<\/a>\n\t\t\t\t\t\n\t\t\t\t\t\n\t\t\t\t\t<\/div>\n\t\t\t\t\t<\/div>\n\t\t\t\t\t\t\t\t\t<\/div>\n\t\t\t<\/div>\n\t\t<\/div><div class=\"col post-item\" data-animate=\"fadeInUp\">\n\t\t\t<div class=\"col-inner\">\n\t\t\t\t<div class=\"box box-default box-text-bottom box-blog-post has-hover\">\n            \t\t\t\t\t<div class=\"box-image\" >\n  \t\t\t\t\t\t<div class=\"image-cover\" style=\"padding-top:75%;\">\n\t\t\t\t\t\t\t<a href=\"https:\/\/www.steinecker.at\/fashion\/poechlarn\/\" class=\"plain\" aria-label=\"P\u00f6chlarn\">\n\t\t\t\t\t\t\t\t<img decoding=\"async\" width=\"800\" height=\"523\" src=\"https:\/\/www.steinecker.at\/fashion\/wp-content\/uploads\/2017\/02\/steinecker-poechlarn-filiale-800x523.jpg\" class=\"attachment-medium size-medium wp-post-image\" alt=\"\" srcset=\"https:\/\/www.steinecker.at\/fashion\/wp-content\/uploads\/2017\/02\/steinecker-poechlarn-filiale-800x523.jpg 800w, https:\/\/www.steinecker.at\/fashion\/wp-content\/uploads\/2017\/02\/steinecker-poechlarn-filiale-768x502.jpg 768w, https:\/\/www.steinecker.at\/fashion\/wp-content\/uploads\/2017\/02\/steinecker-poechlarn-filiale.jpg 1200w\" sizes=\"(max-width: 800px) 100vw, 800px\" \/>\t\t\t\t\t\t\t<\/a>\n  \t\t\t\t\t\t\t  \t\t\t\t\t\t\t  \t\t\t\t\t\t<\/div>\n  \t\t\t\t\t\t  \t\t\t\t\t<\/div>\n          \t\t\t\t\t<div class=\"box-text text-center\" >\n\t\t\t\t\t<div class=\"box-text-inner blog-post-inner\">\n\n\t\t\t\t\t\n\t\t\t\t\t\t\t\t\t\t<h5 class=\"post-title is-larger uppercase\">\n\t\t\t\t\t\t<a href=\"https:\/\/www.steinecker.at\/fashion\/poechlarn\/\" class=\"plain\">P\u00f6chlarn<\/a>\n\t\t\t\t\t<\/h5>\n\t\t\t\t\t\t\t\t\t\t<div class=\"is-divider\"><\/div>\n\t\t\t\t\t                    \n\t\t\t\t\t\t\t\t\t\t\t<a href=\"https:\/\/www.steinecker.at\/fashion\/poechlarn\/\" class=\"button primary is-outline is-large mb-0\">\n\t\t\t\t\t\t\tzur Filiale\t\t\t\t\t\t<\/a>\n\t\t\t\t\t\n\t\t\t\t\t\n\t\t\t\t\t<\/div>\n\t\t\t\t\t<\/div>\n\t\t\t\t\t\t\t\t\t<\/div>\n\t\t\t<\/div>\n\t\t<\/div><div class=\"col post-item\" data-animate=\"fadeInUp\">\n\t\t\t<div class=\"col-inner\">\n\t\t\t\t<div class=\"box box-default box-text-bottom box-blog-post has-hover\">\n            \t\t\t\t\t<div class=\"box-image\" >\n  \t\t\t\t\t\t<div class=\"image-cover\" style=\"padding-top:75%;\">\n\t\t\t\t\t\t\t<a href=\"https:\/\/www.steinecker.at\/fashion\/wieselburg\/\" class=\"plain\" aria-label=\"Wieselburg\">\n\t\t\t\t\t\t\t\t<img decoding=\"async\" width=\"800\" height=\"533\" src=\"https:\/\/www.steinecker.at\/fashion\/wp-content\/uploads\/2025\/02\/Steinecker-Wieselburg-Eingang-800x533.jpg\" class=\"attachment-medium size-medium wp-post-image\" alt=\"\" srcset=\"https:\/\/www.steinecker.at\/fashion\/wp-content\/uploads\/2025\/02\/Steinecker-Wieselburg-Eingang-800x533.jpg 800w, https:\/\/www.steinecker.at\/fashion\/wp-content\/uploads\/2025\/02\/Steinecker-Wieselburg-Eingang-768x512.jpg 768w, https:\/\/www.steinecker.at\/fashion\/wp-content\/uploads\/2025\/02\/Steinecker-Wieselburg-Eingang-600x400.jpg 600w, https:\/\/www.steinecker.at\/fashion\/wp-content\/uploads\/2025\/02\/Steinecker-Wieselburg-Eingang.jpg 1500w\" sizes=\"(max-width: 800px) 100vw, 800px\" \/>\t\t\t\t\t\t\t<\/a>\n  \t\t\t\t\t\t\t  \t\t\t\t\t\t\t  \t\t\t\t\t\t<\/div>\n  \t\t\t\t\t\t  \t\t\t\t\t<\/div>\n          \t\t\t\t\t<div class=\"box-text text-center\" >\n\t\t\t\t\t<div class=\"box-text-inner blog-post-inner\">\n\n\t\t\t\t\t\n\t\t\t\t\t\t\t\t\t\t<h5 class=\"post-title is-larger uppercase\">\n\t\t\t\t\t\t<a href=\"https:\/\/www.steinecker.at\/fashion\/wieselburg\/\" class=\"plain\">Wieselburg<\/a>\n\t\t\t\t\t<\/h5>\n\t\t\t\t\t\t\t\t\t\t<div class=\"is-divider\"><\/div>\n\t\t\t\t\t                    \n\t\t\t\t\t\t\t\t\t\t\t<a href=\"https:\/\/www.steinecker.at\/fashion\/wieselburg\/\" class=\"button primary is-outline is-large mb-0\">\n\t\t\t\t\t\t\tzur Filiale\t\t\t\t\t\t<\/a>\n\t\t\t\t\t\n\t\t\t\t\t\n\t\t\t\t\t<\/div>\n\t\t\t\t\t<\/div>\n\t\t\t\t\t\t\t\t\t<\/div>\n\t\t\t<\/div>\n\t\t<\/div><div class=\"col post-item\" data-animate=\"fadeInUp\">\n\t\t\t<div class=\"col-inner\">\n\t\t\t\t<div class=\"box box-default box-text-bottom box-blog-post has-hover\">\n            \t\t\t\t\t<div class=\"box-image\" >\n  \t\t\t\t\t\t<div class=\"image-cover\" style=\"padding-top:75%;\">\n\t\t\t\t\t\t\t<a href=\"https:\/\/www.steinecker.at\/fashion\/zwettl\/\" class=\"plain\" aria-label=\"Zwettl\">\n\t\t\t\t\t\t\t\t<img decoding=\"async\" width=\"500\" height=\"357\" src=\"https:\/\/www.steinecker.at\/fashion\/wp-content\/uploads\/2017\/02\/steinecker-zwettl-500x357.jpg\" class=\"attachment-medium size-medium wp-post-image\" alt=\"\" srcset=\"https:\/\/www.steinecker.at\/fashion\/wp-content\/uploads\/2017\/02\/steinecker-zwettl-500x357.jpg 500w, https:\/\/www.steinecker.at\/fashion\/wp-content\/uploads\/2017\/02\/steinecker-zwettl-600x429.jpg 600w, https:\/\/www.steinecker.at\/fashion\/wp-content\/uploads\/2017\/02\/steinecker-zwettl-768x549.jpg 768w, https:\/\/www.steinecker.at\/fashion\/wp-content\/uploads\/2017\/02\/steinecker-zwettl.jpg 1024w\" sizes=\"(max-width: 500px) 100vw, 500px\" \/>\t\t\t\t\t\t\t<\/a>\n  \t\t\t\t\t\t\t  \t\t\t\t\t\t\t  \t\t\t\t\t\t<\/div>\n  \t\t\t\t\t\t  \t\t\t\t\t<\/div>\n          \t\t\t\t\t<div class=\"box-text text-center\" >\n\t\t\t\t\t<div class=\"box-text-inner blog-post-inner\">\n\n\t\t\t\t\t\n\t\t\t\t\t\t\t\t\t\t<h5 class=\"post-title is-larger uppercase\">\n\t\t\t\t\t\t<a href=\"https:\/\/www.steinecker.at\/fashion\/zwettl\/\" class=\"plain\">Zwettl<\/a>\n\t\t\t\t\t<\/h5>\n\t\t\t\t\t\t\t\t\t\t<div class=\"is-divider\"><\/div>\n\t\t\t\t\t                    \n\t\t\t\t\t\t\t\t\t\t\t<a href=\"https:\/\/www.steinecker.at\/fashion\/zwettl\/\" class=\"button primary is-outline is-large mb-0\">\n\t\t\t\t\t\t\tzur Filiale\t\t\t\t\t\t<\/a>\n\t\t\t\t\t\n\t\t\t\t\t\n\t\t\t\t\t<\/div>\n\t\t\t\t\t<\/div>\n\t\t\t\t\t\t\t\t\t<\/div>\n\t\t\t<\/div>\n\t\t<\/div><div class=\"col post-item\" data-animate=\"fadeInUp\">\n\t\t\t<div class=\"col-inner\">\n\t\t\t\t<div class=\"box box-default box-text-bottom box-blog-post has-hover\">\n            \t\t\t\t\t<div class=\"box-image\" >\n  \t\t\t\t\t\t<div class=\"image-cover\" style=\"padding-top:75%;\">\n\t\t\t\t\t\t\t<a href=\"https:\/\/www.steinecker.at\/fashion\/salzburg\/\" class=\"plain\" aria-label=\"Salzburg\">\n\t\t\t\t\t\t\t\t<img decoding=\"async\" width=\"800\" height=\"465\" src=\"https:\/\/www.steinecker.at\/fashion\/wp-content\/uploads\/2023\/07\/steinecker-salzburg-aussen-2019-800x465.jpg\" class=\"attachment-medium size-medium wp-post-image\" alt=\"\" srcset=\"https:\/\/www.steinecker.at\/fashion\/wp-content\/uploads\/2023\/07\/steinecker-salzburg-aussen-2019-800x465.jpg 800w, https:\/\/www.steinecker.at\/fashion\/wp-content\/uploads\/2023\/07\/steinecker-salzburg-aussen-2019-768x446.jpg 768w, https:\/\/www.steinecker.at\/fashion\/wp-content\/uploads\/2023\/07\/steinecker-salzburg-aussen-2019.jpg 1500w\" sizes=\"(max-width: 800px) 100vw, 800px\" \/>\t\t\t\t\t\t\t<\/a>\n  \t\t\t\t\t\t\t  \t\t\t\t\t\t\t  \t\t\t\t\t\t<\/div>\n  \t\t\t\t\t\t  \t\t\t\t\t<\/div>\n          \t\t\t\t\t<div class=\"box-text text-center\" >\n\t\t\t\t\t<div class=\"box-text-inner blog-post-inner\">\n\n\t\t\t\t\t\n\t\t\t\t\t\t\t\t\t\t<h5 class=\"post-title is-larger uppercase\">\n\t\t\t\t\t\t<a href=\"https:\/\/www.steinecker.at\/fashion\/salzburg\/\" class=\"plain\">Salzburg<\/a>\n\t\t\t\t\t<\/h5>\n\t\t\t\t\t\t\t\t\t\t<div class=\"is-divider\"><\/div>\n\t\t\t\t\t                    \n\t\t\t\t\t\t\t\t\t\t\t<a href=\"https:\/\/www.steinecker.at\/fashion\/salzburg\/\" class=\"button primary is-outline is-large mb-0\">\n\t\t\t\t\t\t\tzur Filiale\t\t\t\t\t\t<\/a>\n\t\t\t\t\t\n\t\t\t\t\t\n\t\t\t\t\t<\/div>\n\t\t\t\t\t<\/div>\n\t\t\t\t\t\t\t\t\t<\/div>\n\t\t\t<\/div>\n\t\t<\/div><div class=\"col post-item\" data-animate=\"fadeInUp\">\n\t\t\t<div class=\"col-inner\">\n\t\t\t\t<div class=\"box box-default box-text-bottom box-blog-post has-hover\">\n            \t\t\t\t\t<div class=\"box-image\" >\n  \t\t\t\t\t\t<div class=\"image-cover\" style=\"padding-top:75%;\">\n\t\t\t\t\t\t\t<a href=\"https:\/\/www.steinecker.at\/fashion\/cecil-krems\/\" class=\"plain\" aria-label=\"CECIL Krems\">\n\t\t\t\t\t\t\t\t<img decoding=\"async\" width=\"800\" height=\"471\" src=\"https:\/\/www.steinecker.at\/fashion\/wp-content\/uploads\/2016\/03\/CECIL-KREMS-CENTER-800x471.jpg\" class=\"attachment-medium size-medium wp-post-image\" alt=\"CECIL-KREMS-CENTER\" srcset=\"https:\/\/www.steinecker.at\/fashion\/wp-content\/uploads\/2016\/03\/CECIL-KREMS-CENTER-800x471.jpg 800w, https:\/\/www.steinecker.at\/fashion\/wp-content\/uploads\/2016\/03\/CECIL-KREMS-CENTER-600x353.jpg 600w, https:\/\/www.steinecker.at\/fashion\/wp-content\/uploads\/2016\/03\/CECIL-KREMS-CENTER-768x452.jpg 768w, https:\/\/www.steinecker.at\/fashion\/wp-content\/uploads\/2016\/03\/CECIL-KREMS-CENTER.jpg 1000w\" sizes=\"(max-width: 800px) 100vw, 800px\" \/>\t\t\t\t\t\t\t<\/a>\n  \t\t\t\t\t\t\t  \t\t\t\t\t\t\t  \t\t\t\t\t\t<\/div>\n  \t\t\t\t\t\t  \t\t\t\t\t<\/div>\n          \t\t\t\t\t<div class=\"box-text text-center\" >\n\t\t\t\t\t<div class=\"box-text-inner blog-post-inner\">\n\n\t\t\t\t\t\n\t\t\t\t\t\t\t\t\t\t<h5 class=\"post-title is-larger uppercase\">\n\t\t\t\t\t\t<a href=\"https:\/\/www.steinecker.at\/fashion\/cecil-krems\/\" class=\"plain\">CECIL Krems<\/a>\n\t\t\t\t\t<\/h5>\n\t\t\t\t\t\t\t\t\t\t<div class=\"is-divider\"><\/div>\n\t\t\t\t\t                    \n\t\t\t\t\t\t\t\t\t\t\t<a href=\"https:\/\/www.steinecker.at\/fashion\/cecil-krems\/\" class=\"button primary is-outline is-large mb-0\">\n\t\t\t\t\t\t\tzur Filiale\t\t\t\t\t\t<\/a>\n\t\t\t\t\t\n\t\t\t\t\t\n\t\t\t\t\t<\/div>\n\t\t\t\t\t<\/div>\n\t\t\t\t\t\t\t\t\t<\/div>\n\t\t\t<\/div>\n\t\t<\/div><div class=\"col post-item\" data-animate=\"fadeInUp\">\n\t\t\t<div class=\"col-inner\">\n\t\t\t\t<div class=\"box box-default box-text-bottom box-blog-post has-hover\">\n            \t\t\t\t\t<div class=\"box-image\" >\n  \t\t\t\t\t\t<div class=\"image-cover\" style=\"padding-top:75%;\">\n\t\t\t\t\t\t\t<a href=\"https:\/\/www.steinecker.at\/fashion\/steinecker-cecil\/\" class=\"plain\" aria-label=\"Steinecker CECIL\">\n\t\t\t\t\t\t\t\t<img decoding=\"async\" width=\"800\" height=\"600\" src=\"https:\/\/www.steinecker.at\/fashion\/wp-content\/uploads\/2025\/09\/Steinecker-CECIL-2025-06-800x600.webp\" class=\"attachment-medium size-medium wp-post-image\" alt=\"\" srcset=\"https:\/\/www.steinecker.at\/fashion\/wp-content\/uploads\/2025\/09\/Steinecker-CECIL-2025-06-800x600.webp 800w, https:\/\/www.steinecker.at\/fashion\/wp-content\/uploads\/2025\/09\/Steinecker-CECIL-2025-06-768x576.webp 768w, https:\/\/www.steinecker.at\/fashion\/wp-content\/uploads\/2025\/09\/Steinecker-CECIL-2025-06-600x450.webp 600w, https:\/\/www.steinecker.at\/fashion\/wp-content\/uploads\/2025\/09\/Steinecker-CECIL-2025-06.webp 1440w\" sizes=\"(max-width: 800px) 100vw, 800px\" \/>\t\t\t\t\t\t\t<\/a>\n  \t\t\t\t\t\t\t  \t\t\t\t\t\t\t  \t\t\t\t\t\t<\/div>\n  \t\t\t\t\t\t  \t\t\t\t\t<\/div>\n          \t\t\t\t\t<div class=\"box-text text-center\" >\n\t\t\t\t\t<div class=\"box-text-inner blog-post-inner\">\n\n\t\t\t\t\t\n\t\t\t\t\t\t\t\t\t\t<h5 class=\"post-title is-larger uppercase\">\n\t\t\t\t\t\t<a href=\"https:\/\/www.steinecker.at\/fashion\/steinecker-cecil\/\" class=\"plain\">Steinecker CECIL<\/a>\n\t\t\t\t\t<\/h5>\n\t\t\t\t\t\t\t\t\t\t<div class=\"is-divider\"><\/div>\n\t\t\t\t\t                    \n\t\t\t\t\t\t\t\t\t\t\t<a href=\"https:\/\/www.steinecker.at\/fashion\/steinecker-cecil\/\" class=\"button primary is-outline is-large mb-0\">\n\t\t\t\t\t\t\tzur Filiale\t\t\t\t\t\t<\/a>\n\t\t\t\t\t\n\t\t\t\t\t\n\t\t\t\t\t<\/div>\n\t\t\t\t\t<\/div>\n\t\t\t\t\t\t\t\t\t<\/div>\n\t\t\t<\/div>\n\t\t<\/div><div class=\"col post-item\" data-animate=\"fadeInUp\">\n\t\t\t<div class=\"col-inner\">\n\t\t\t\t<div class=\"box box-default box-text-bottom box-blog-post has-hover\">\n            \t\t\t\t\t<div class=\"box-image\" >\n  \t\t\t\t\t\t<div class=\"image-cover\" style=\"padding-top:75%;\">\n\t\t\t\t\t\t\t<a href=\"https:\/\/www.steinecker.at\/fashion\/wien\/\" class=\"plain\" aria-label=\"Wien\">\n\t\t\t\t\t\t\t\t<img decoding=\"async\" width=\"800\" height=\"532\" src=\"https:\/\/www.steinecker.at\/fashion\/wp-content\/uploads\/2023\/07\/steinecker-wien-800x532.jpg\" class=\"attachment-medium size-medium wp-post-image\" alt=\"\" srcset=\"https:\/\/www.steinecker.at\/fashion\/wp-content\/uploads\/2023\/07\/steinecker-wien-800x532.jpg 800w, https:\/\/www.steinecker.at\/fashion\/wp-content\/uploads\/2023\/07\/steinecker-wien-768x511.jpg 768w, https:\/\/www.steinecker.at\/fashion\/wp-content\/uploads\/2023\/07\/steinecker-wien.jpg 1080w\" sizes=\"(max-width: 800px) 100vw, 800px\" \/>\t\t\t\t\t\t\t<\/a>\n  \t\t\t\t\t\t\t  \t\t\t\t\t\t\t  \t\t\t\t\t\t<\/div>\n  \t\t\t\t\t\t  \t\t\t\t\t<\/div>\n          \t\t\t\t\t<div class=\"box-text text-center\" >\n\t\t\t\t\t<div class=\"box-text-inner blog-post-inner\">\n\n\t\t\t\t\t\n\t\t\t\t\t\t\t\t\t\t<h5 class=\"post-title is-larger uppercase\">\n\t\t\t\t\t\t<a href=\"https:\/\/www.steinecker.at\/fashion\/wien\/\" class=\"plain\">Wien<\/a>\n\t\t\t\t\t<\/h5>\n\t\t\t\t\t\t\t\t\t\t<div class=\"is-divider\"><\/div>\n\t\t\t\t\t                    \n\t\t\t\t\t\t\t\t\t\t\t<a href=\"https:\/\/www.steinecker.at\/fashion\/wien\/\" class=\"button primary is-outline is-large mb-0\">\n\t\t\t\t\t\t\tzur Filiale\t\t\t\t\t\t<\/a>\n\t\t\t\t\t\n\t\t\t\t\t\n\t\t\t\t\t<\/div>\n\t\t\t\t\t<\/div>\n\t\t\t\t\t\t\t\t\t<\/div>\n\t\t\t<\/div>\n\t\t<\/div><div class=\"col post-item\" data-animate=\"fadeInUp\">\n\t\t\t<div class=\"col-inner\">\n\t\t\t\t<div class=\"box box-default box-text-bottom box-blog-post has-hover\">\n            \t\t\t\t\t<div class=\"box-image\" >\n  \t\t\t\t\t\t<div class=\"image-cover\" style=\"padding-top:75%;\">\n\t\t\t\t\t\t\t<a href=\"https:\/\/www.steinecker.at\/fashion\/graz\/\" class=\"plain\" aria-label=\"Graz\">\n\t\t\t\t\t\t\t\t<img decoding=\"async\" width=\"800\" height=\"549\" src=\"https:\/\/www.steinecker.at\/fashion\/wp-content\/uploads\/2023\/05\/Steinecker-Graz-Brautmode-800x549.jpg\" class=\"attachment-medium size-medium wp-post-image\" alt=\"\" srcset=\"https:\/\/www.steinecker.at\/fashion\/wp-content\/uploads\/2023\/05\/Steinecker-Graz-Brautmode-800x549.jpg 800w, https:\/\/www.steinecker.at\/fashion\/wp-content\/uploads\/2023\/05\/Steinecker-Graz-Brautmode-768x527.jpg 768w, https:\/\/www.steinecker.at\/fashion\/wp-content\/uploads\/2023\/05\/Steinecker-Graz-Brautmode.jpg 1200w\" sizes=\"(max-width: 800px) 100vw, 800px\" \/>\t\t\t\t\t\t\t<\/a>\n  \t\t\t\t\t\t\t  \t\t\t\t\t\t\t  \t\t\t\t\t\t<\/div>\n  \t\t\t\t\t\t  \t\t\t\t\t<\/div>\n          \t\t\t\t\t<div class=\"box-text text-center\" >\n\t\t\t\t\t<div class=\"box-text-inner blog-post-inner\">\n\n\t\t\t\t\t\n\t\t\t\t\t\t\t\t\t\t<h5 class=\"post-title is-larger uppercase\">\n\t\t\t\t\t\t<a href=\"https:\/\/www.steinecker.at\/fashion\/graz\/\" class=\"plain\">Graz<\/a>\n\t\t\t\t\t<\/h5>\n\t\t\t\t\t\t\t\t\t\t<div class=\"is-divider\"><\/div>\n\t\t\t\t\t                    \n\t\t\t\t\t\t\t\t\t\t\t<a href=\"https:\/\/www.steinecker.at\/fashion\/graz\/\" class=\"button primary is-outline is-large mb-0\">\n\t\t\t\t\t\t\tzur Filiale\t\t\t\t\t\t<\/a>\n\t\t\t\t\t\n\t\t\t\t\t\n\t\t\t\t\t<\/div>\n\t\t\t\t\t<\/div>\n\t\t\t\t\t\t\t\t\t<\/div>\n\t\t\t<\/div>\n\t\t<\/div><\/div>\n<div class=\"text-center\"><div class=\"is-divider divider clearfix\" ><\/div><\/div>\n<div class=\"social-icons share-icons share-row relative full-width text-center\" ><a href=\"whatsapp:\/\/send?text=Graz - https:\/\/www.steinecker.at\/fashion\/graz\/\" data-action=\"share\/whatsapp\/share\" class=\"icon primary button round tooltip whatsapp show-for-medium\" title=\"Auf WhatsApp teilen\" aria-label=\"Auf WhatsApp teilen\"><i class=\"icon-whatsapp\" aria-hidden=\"true\"><\/i><\/a><a href=\"https:\/\/www.facebook.com\/sharer.php?u=https:\/\/www.steinecker.at\/fashion\/graz\/\" data-label=\"Facebook\" onclick=\"window.open(this.href,this.title,'width=500,height=500,top=300px,left=300px'); return false;\" target=\"_blank\" class=\"icon primary button round tooltip facebook\" title=\"Auf Facebook teilen\" aria-label=\"Auf Facebook teilen\" rel=\"noopener nofollow\"><i class=\"icon-facebook\" aria-hidden=\"true\"><\/i><\/a><a href=\"https:\/\/x.com\/share?url=https:\/\/www.steinecker.at\/fashion\/graz\/\" onclick=\"window.open(this.href,this.title,'width=500,height=500,top=300px,left=300px'); return false;\" target=\"_blank\" class=\"icon primary button round tooltip x\" title=\"Auf X teilen\" aria-label=\"Auf X teilen\" rel=\"noopener nofollow\"><i class=\"icon-x\" aria-hidden=\"true\"><\/i><\/a><a href=\"https:\/\/twitter.com\/share?url=https:\/\/www.steinecker.at\/fashion\/graz\/\" onclick=\"window.open(this.href,this.title,'width=500,height=500,top=300px,left=300px'); return false;\" target=\"_blank\" class=\"icon primary button round tooltip twitter\" title=\"Auf Twitter teilen\" aria-label=\"Auf Twitter teilen\" rel=\"noopener nofollow\"><i class=\"icon-twitter\" aria-hidden=\"true\"><\/i><\/a><a href=\"https:\/\/threads.net\/intent\/post?text=Graz%0A%0Ahttps%3A%2F%2Fwww.steinecker.at%2Ffashion%2Fgraz%2F\" onclick=\"window.open(this.href,this.title,'width=500,height=500,top=300px,left=300px'); return false;\" target=\"_blank\" class=\"icon primary button round tooltip threads\" title=\"Share on Threads\" aria-label=\"Share on Threads\" rel=\"noopener nofollow\"><i class=\"icon-threads\" aria-hidden=\"true\"><\/i><\/a><a href=\"mailto:?subject=Graz&body=Schau%20dir%20das%20an%3A%20https%3A%2F%2Fwww.steinecker.at%2Ffashion%2Fgraz%2F\" class=\"icon primary button round tooltip email\" title=\"E-mail an einen Freund senden\" aria-label=\"E-mail an einen Freund senden\" rel=\"nofollow\"><i class=\"icon-envelop\" aria-hidden=\"true\"><\/i><\/a><a href=\"https:\/\/telegram.me\/share\/url?url=https:\/\/www.steinecker.at\/fashion\/graz\/\" onclick=\"window.open(this.href,this.title,'width=500,height=500,top=300px,left=300px'); return false;\" target=\"_blank\" class=\"icon primary button round tooltip telegram\" title=\"Auf Telegram teilen\" aria-label=\"Auf Telegram teilen\" rel=\"noopener nofollow\"><i class=\"icon-telegram\" aria-hidden=\"true\"><\/i><\/a><\/div>\n<div class=\"container section-title-container hidden\" style=\"margin-top:20px;margin-bottom:10px;max-width:100%;\"><h3 class=\"section-title section-title-center\"><b aria-hidden=\"true\"><\/b><span class=\"section-title-main\" ><i class=\"icon-instagram\" aria-hidden=\"true\"><\/i>Instagram<\/span><b aria-hidden=\"true\"><\/b><\/h3><\/div>\n<div class=\"is-divider divider clearfix\" style=\"background-color:rgb(255, 255, 255);\"><\/div>\n","protected":false},"excerpt":{"rendered":"","protected":false},"author":1,"featured_media":5565,"parent":0,"menu_order":0,"comment_status":"closed","ping_status":"closed","template":"page-blank.php","meta":{"footnotes":""},"class_list":["post-6282","page","type-page","status-publish","has-post-thumbnail","hentry"],"yoast_head":"<!-- This site is optimized with the Yoast SEO plugin v27.3 - https:\/\/yoast.com\/product\/yoast-seo-wordpress\/ -->\n<title>\u00dcbersicht unserer Filialen - Steinecker Fashion<\/title>\n<meta name=\"description\" content=\"Hier finden Sie eine Aufstellung unserer Fashion Filialen mit Telefonnummern, Anfahrtspl\u00e4nen und \u00d6ffnungszeiten. Fashion f\u00fcr Damen und Herren\" \/>\n<meta name=\"robots\" content=\"index, follow, max-snippet:-1, max-image-preview:large, max-video-preview:-1\" \/>\n<link rel=\"canonical\" href=\"https:\/\/www.steinecker.at\/fashion\/filialen-steinecker-fashion\/\" \/>\n<meta property=\"og:locale\" content=\"de_DE\" \/>\n<meta property=\"og:type\" content=\"article\" \/>\n<meta property=\"og:title\" content=\"\u00dcbersicht unserer Filialen - Steinecker Fashion\" \/>\n<meta property=\"og:description\" content=\"Hier finden Sie eine Aufstellung unserer Fashion Filialen mit Telefonnummern, Anfahrtspl\u00e4nen und \u00d6ffnungszeiten. Fashion f\u00fcr Damen und Herren\" \/>\n<meta property=\"og:url\" content=\"https:\/\/www.steinecker.at\/fashion\/filialen-steinecker-fashion\/\" \/>\n<meta property=\"og:site_name\" content=\"Steinecker Fashion - Markenmode - Abendmode\" \/>\n<meta property=\"article:publisher\" content=\"https:\/\/www.facebook.com\/steinecker.fashion\" \/>\n<meta property=\"article:modified_time\" content=\"2025-11-27T14:57:02+00:00\" \/>\n<meta property=\"og:image\" content=\"https:\/\/www.steinecker.at\/fashion\/wp-content\/uploads\/2018\/09\/CF029407_presse_be-kl.jpg\" \/>\n\t<meta property=\"og:image:width\" content=\"1600\" \/>\n\t<meta property=\"og:image:height\" content=\"1200\" \/>\n\t<meta property=\"og:image:type\" content=\"image\/jpeg\" \/>\n<meta name=\"twitter:card\" content=\"summary_large_image\" \/>\n<meta name=\"twitter:label1\" content=\"Gesch\u00e4tzte Lesezeit\" \/>\n\t<meta name=\"twitter:data1\" content=\"2\u00a0Minuten\" \/>\n<script type=\"application\/ld+json\" class=\"yoast-schema-graph\">{\"@context\":\"https:\\\/\\\/schema.org\",\"@graph\":[{\"@type\":\"WebPage\",\"@id\":\"https:\\\/\\\/www.steinecker.at\\\/fashion\\\/filialen-steinecker-fashion\\\/\",\"url\":\"https:\\\/\\\/www.steinecker.at\\\/fashion\\\/filialen-steinecker-fashion\\\/\",\"name\":\"\u00dcbersicht unserer Filialen - Steinecker Fashion\",\"isPartOf\":{\"@id\":\"https:\\\/\\\/www.steinecker.at\\\/fashion\\\/#website\"},\"primaryImageOfPage\":{\"@id\":\"https:\\\/\\\/www.steinecker.at\\\/fashion\\\/filialen-steinecker-fashion\\\/#primaryimage\"},\"image\":{\"@id\":\"https:\\\/\\\/www.steinecker.at\\\/fashion\\\/filialen-steinecker-fashion\\\/#primaryimage\"},\"thumbnailUrl\":\"https:\\\/\\\/www.steinecker.at\\\/fashion\\\/wp-content\\\/uploads\\\/2018\\\/09\\\/CF029407_presse_be-kl.jpg\",\"datePublished\":\"2023-10-23T10:15:25+00:00\",\"dateModified\":\"2025-11-27T14:57:02+00:00\",\"description\":\"Hier finden Sie eine Aufstellung unserer Fashion Filialen mit Telefonnummern, Anfahrtspl\u00e4nen und \u00d6ffnungszeiten. Fashion f\u00fcr Damen und Herren\",\"breadcrumb\":{\"@id\":\"https:\\\/\\\/www.steinecker.at\\\/fashion\\\/filialen-steinecker-fashion\\\/#breadcrumb\"},\"inLanguage\":\"de\",\"potentialAction\":[{\"@type\":\"ReadAction\",\"target\":[\"https:\\\/\\\/www.steinecker.at\\\/fashion\\\/filialen-steinecker-fashion\\\/\"]}]},{\"@type\":\"ImageObject\",\"inLanguage\":\"de\",\"@id\":\"https:\\\/\\\/www.steinecker.at\\\/fashion\\\/filialen-steinecker-fashion\\\/#primaryimage\",\"url\":\"https:\\\/\\\/www.steinecker.at\\\/fashion\\\/wp-content\\\/uploads\\\/2018\\\/09\\\/CF029407_presse_be-kl.jpg\",\"contentUrl\":\"https:\\\/\\\/www.steinecker.at\\\/fashion\\\/wp-content\\\/uploads\\\/2018\\\/09\\\/CF029407_presse_be-kl.jpg\",\"width\":1600,\"height\":1200},{\"@type\":\"BreadcrumbList\",\"@id\":\"https:\\\/\\\/www.steinecker.at\\\/fashion\\\/filialen-steinecker-fashion\\\/#breadcrumb\",\"itemListElement\":[{\"@type\":\"ListItem\",\"position\":1,\"name\":\"Startseite\",\"item\":\"https:\\\/\\\/www.steinecker.at\\\/fashion\\\/\"},{\"@type\":\"ListItem\",\"position\":2,\"name\":\"Filialen Steinecker Fashion\"}]},{\"@type\":\"WebSite\",\"@id\":\"https:\\\/\\\/www.steinecker.at\\\/fashion\\\/#website\",\"url\":\"https:\\\/\\\/www.steinecker.at\\\/fashion\\\/\",\"name\":\"Steinecker Fashion - Markenmode - Abendmode\",\"description\":\"Markenmode und die sch\u00f6nsten Abendmode Trends f\u00fcr SIE und IHN\",\"potentialAction\":[{\"@type\":\"SearchAction\",\"target\":{\"@type\":\"EntryPoint\",\"urlTemplate\":\"https:\\\/\\\/www.steinecker.at\\\/fashion\\\/?s={search_term_string}\"},\"query-input\":{\"@type\":\"PropertyValueSpecification\",\"valueRequired\":true,\"valueName\":\"search_term_string\"}}],\"inLanguage\":\"de\"}]}<\/script>\n<!-- \/ Yoast SEO plugin. -->","yoast_head_json":{"title":"\u00dcbersicht unserer Filialen - Steinecker Fashion","description":"Hier finden Sie eine Aufstellung unserer Fashion Filialen mit Telefonnummern, Anfahrtspl\u00e4nen und \u00d6ffnungszeiten. Fashion f\u00fcr Damen und Herren","robots":{"index":"index","follow":"follow","max-snippet":"max-snippet:-1","max-image-preview":"max-image-preview:large","max-video-preview":"max-video-preview:-1"},"canonical":"https:\/\/www.steinecker.at\/fashion\/filialen-steinecker-fashion\/","og_locale":"de_DE","og_type":"article","og_title":"\u00dcbersicht unserer Filialen - Steinecker Fashion","og_description":"Hier finden Sie eine Aufstellung unserer Fashion Filialen mit Telefonnummern, Anfahrtspl\u00e4nen und \u00d6ffnungszeiten. Fashion f\u00fcr Damen und Herren","og_url":"https:\/\/www.steinecker.at\/fashion\/filialen-steinecker-fashion\/","og_site_name":"Steinecker Fashion - Markenmode - Abendmode","article_publisher":"https:\/\/www.facebook.com\/steinecker.fashion","article_modified_time":"2025-11-27T14:57:02+00:00","og_image":[{"width":1600,"height":1200,"url":"https:\/\/www.steinecker.at\/fashion\/wp-content\/uploads\/2018\/09\/CF029407_presse_be-kl.jpg","type":"image\/jpeg"}],"twitter_card":"summary_large_image","twitter_misc":{"Gesch\u00e4tzte Lesezeit":"2\u00a0Minuten"},"schema":{"@context":"https:\/\/schema.org","@graph":[{"@type":"WebPage","@id":"https:\/\/www.steinecker.at\/fashion\/filialen-steinecker-fashion\/","url":"https:\/\/www.steinecker.at\/fashion\/filialen-steinecker-fashion\/","name":"\u00dcbersicht unserer Filialen - Steinecker Fashion","isPartOf":{"@id":"https:\/\/www.steinecker.at\/fashion\/#website"},"primaryImageOfPage":{"@id":"https:\/\/www.steinecker.at\/fashion\/filialen-steinecker-fashion\/#primaryimage"},"image":{"@id":"https:\/\/www.steinecker.at\/fashion\/filialen-steinecker-fashion\/#primaryimage"},"thumbnailUrl":"https:\/\/www.steinecker.at\/fashion\/wp-content\/uploads\/2018\/09\/CF029407_presse_be-kl.jpg","datePublished":"2023-10-23T10:15:25+00:00","dateModified":"2025-11-27T14:57:02+00:00","description":"Hier finden Sie eine Aufstellung unserer Fashion Filialen mit Telefonnummern, Anfahrtspl\u00e4nen und \u00d6ffnungszeiten. Fashion f\u00fcr Damen und Herren","breadcrumb":{"@id":"https:\/\/www.steinecker.at\/fashion\/filialen-steinecker-fashion\/#breadcrumb"},"inLanguage":"de","potentialAction":[{"@type":"ReadAction","target":["https:\/\/www.steinecker.at\/fashion\/filialen-steinecker-fashion\/"]}]},{"@type":"ImageObject","inLanguage":"de","@id":"https:\/\/www.steinecker.at\/fashion\/filialen-steinecker-fashion\/#primaryimage","url":"https:\/\/www.steinecker.at\/fashion\/wp-content\/uploads\/2018\/09\/CF029407_presse_be-kl.jpg","contentUrl":"https:\/\/www.steinecker.at\/fashion\/wp-content\/uploads\/2018\/09\/CF029407_presse_be-kl.jpg","width":1600,"height":1200},{"@type":"BreadcrumbList","@id":"https:\/\/www.steinecker.at\/fashion\/filialen-steinecker-fashion\/#breadcrumb","itemListElement":[{"@type":"ListItem","position":1,"name":"Startseite","item":"https:\/\/www.steinecker.at\/fashion\/"},{"@type":"ListItem","position":2,"name":"Filialen Steinecker Fashion"}]},{"@type":"WebSite","@id":"https:\/\/www.steinecker.at\/fashion\/#website","url":"https:\/\/www.steinecker.at\/fashion\/","name":"Steinecker Fashion - Markenmode - Abendmode","description":"Markenmode und die sch\u00f6nsten Abendmode Trends f\u00fcr SIE und IHN","potentialAction":[{"@type":"SearchAction","target":{"@type":"EntryPoint","urlTemplate":"https:\/\/www.steinecker.at\/fashion\/?s={search_term_string}"},"query-input":{"@type":"PropertyValueSpecification","valueRequired":true,"valueName":"search_term_string"}}],"inLanguage":"de"}]}},"_links":{"self":[{"href":"https:\/\/www.steinecker.at\/fashion\/wp-json\/wp\/v2\/pages\/6282","targetHints":{"allow":["GET"]}}],"collection":[{"href":"https:\/\/www.steinecker.at\/fashion\/wp-json\/wp\/v2\/pages"}],"about":[{"href":"https:\/\/www.steinecker.at\/fashion\/wp-json\/wp\/v2\/types\/page"}],"author":[{"embeddable":true,"href":"https:\/\/www.steinecker.at\/fashion\/wp-json\/wp\/v2\/users\/1"}],"replies":[{"embeddable":true,"href":"https:\/\/www.steinecker.at\/fashion\/wp-json\/wp\/v2\/comments?post=6282"}],"version-history":[{"count":41,"href":"https:\/\/www.steinecker.at\/fashion\/wp-json\/wp\/v2\/pages\/6282\/revisions"}],"predecessor-version":[{"id":9860,"href":"https:\/\/www.steinecker.at\/fashion\/wp-json\/wp\/v2\/pages\/6282\/revisions\/9860"}],"wp:featuredmedia":[{"embeddable":true,"href":"https:\/\/www.steinecker.at\/fashion\/wp-json\/wp\/v2\/media\/5565"}],"wp:attachment":[{"href":"https:\/\/www.steinecker.at\/fashion\/wp-json\/wp\/v2\/media?parent=6282"}],"curies":[{"name":"wp","href":"https:\/\/api.w.org\/{rel}","templated":true}]}}